{"id":2,"date":"2019-04-20T18:09:10","date_gmt":"2019-04-20T18:09:10","guid":{"rendered":"http:\/\/www.thomassnellman.fi\/?page_id=2"},"modified":"2023-07-05T10:55:07","modified_gmt":"2023-07-05T10:55:07","slug":"about","status":"publish","type":"page","link":"https:\/\/www.thomassnellman.fi\/fi\/about\/","title":{"rendered":"Thomas Snellman &#8211; vihreiden eurovaaliehdokas"},"content":{"rendered":"<p>[et_pb_section fb_built=&#8221;1&#8243; disabled_on=&#8221;on|off|off&#8221; admin_label=&#8221;P\u00f6yt\u00e4kone ja tabletti&#8221; _builder_version=&#8221;4.9.2&#8243; background_image=&#8221;https:\/\/www.thomassnellman.fi\/wp-content\/uploads\/2019\/04\/Thomas_www_taustajpg.jpg&#8221; custom_padding=&#8221;13px||6px|||&#8221;][et_pb_row column_structure=&#8221;1_2,1_2&#8243; _builder_version=&#8221;3.25&#8243; custom_margin=&#8221;|106px||auto||&#8221;][et_pb_column type=&#8221;1_2&#8243; _builder_version=&#8221;3.25&#8243; custom_padding=&#8221;|||&#8221; custom_padding__hover=&#8221;|||&#8221;][\/et_pb_column][et_pb_column type=&#8221;1_2&#8243; _builder_version=&#8221;3.25&#8243; custom_padding=&#8221;|||&#8221; custom_padding__hover=&#8221;|||&#8221;][et_pb_blurb title=&#8221;Thomas Snellman&#8221; image=&#8221;https:\/\/www.thomassnellman.fi\/wp-content\/uploads\/2021\/07\/livet_o_landsbygden_fi.png&#8221; alt=&#8221;luomutuottaja&#8221; _builder_version=&#8221;4.9.2&#8243; header_level=&#8221;h1&#8243; header_font=&#8221;||||||||&#8221; header_font_size=&#8221;42px&#8221; body_font=&#8221;||||||||&#8221; body_text_color=&#8221;#000000&#8243; text_orientation=&#8221;center&#8221; custom_padding=&#8221;|||66px||&#8221; animation_style=&#8221;bounce&#8221; hover_enabled=&#8221;0&#8243; title_text=&#8221;livet_o_landsbygden_fi&#8221; sticky_enabled=&#8221;0&#8243;]<\/p>\n<h3><span style=\"color: #000000;\">Maaseutukehitt\u00e4j\u00e4, luomutuottaja<\/span><span style=\"color: #000000;\"><br \/><\/span><\/h3>\n<h2>REKOn perustaja<\/h2>\n<p>[\/et_pb_blurb][\/et_pb_column][\/et_pb_row][\/et_pb_section][et_pb_section fb_built=&#8221;1&#8243; disabled_on=&#8221;off|on|on&#8221; admin_label=&#8221;Mobiili&#8221; _builder_version=&#8221;4.9.2&#8243; background_enable_image=&#8221;off&#8221; module_alignment=&#8221;center&#8221; custom_padding=&#8221;13px||6px|||&#8221;][et_pb_row _builder_version=&#8221;4.9.2&#8243; module_alignment=&#8221;center&#8221; custom_margin=&#8221;|106px||auto||&#8221;][et_pb_column type=&#8221;4_4&#8243; _builder_version=&#8221;3.25&#8243; custom_padding=&#8221;|||&#8221; custom_padding__hover=&#8221;|||&#8221;][et_pb_image src=&#8221;https:\/\/www.thomassnellman.fi\/wp-content\/uploads\/2021\/03\/Thomas_www_tausta_mobiili.jpg&#8221; alt=&#8221;Thomas Snellman&#8221; title_text=&#8221;Thomas_www_tausta_mobiili&#8221; align=&#8221;center&#8221; disabled_on=&#8221;off|on|on&#8221; _builder_version=&#8221;4.9.2&#8243; _module_preset=&#8221;default&#8221; width=&#8221;100%&#8221; hover_enabled=&#8221;0&#8243; sticky_enabled=&#8221;0&#8243;][\/et_pb_image][et_pb_text _builder_version=&#8221;4.9.2&#8243; _module_preset=&#8221;default&#8221; hover_enabled=&#8221;0&#8243; sticky_enabled=&#8221;0&#8243;]<\/p>\n<h1 style=\"text-align: center;\">Thomas Snellman<\/h1>\n<h3 style=\"text-align: center;\"><span style=\"color: #000000;\">Maaseutukehitt\u00e4j\u00e4, luomutuottaja<\/span><span style=\"color: #000000;\"><br \/><\/span><\/h3>\n<h2 style=\"text-align: center;\">REKOn perustaja<\/h2>\n<p>[\/et_pb_text][\/et_pb_column][\/et_pb_row][\/et_pb_section][et_pb_section fb_built=&#8221;1&#8243; _builder_version=&#8221;3.22.4&#8243; background_color=&#8221;#ffffff&#8221; custom_padding=&#8221;28px||21px|||&#8221;][et_pb_row column_structure=&#8221;1_3,1_3,1_3&#8243; _builder_version=&#8221;3.25&#8243;][et_pb_column type=&#8221;1_3&#8243; _builder_version=&#8221;3.25&#8243; custom_padding=&#8221;|||&#8221; custom_padding__hover=&#8221;|||&#8221;][et_pb_cta title=&#8221;Maatalous ja l\u00e4hiruoka&#8221; _builder_version=&#8221;4.9.2&#8243; header_level=&#8221;h1&#8243; header_font=&#8221;||||||||&#8221; header_text_color=&#8221;#336600&#8243; header_font_size=&#8221;32px&#8221; use_background_color=&#8221;off&#8221; background_layout=&#8221;light&#8221;]<\/p>\n<p>Minulle erityisen t\u00e4rkeit\u00e4 ovat ruoantuotantoon, paikallistalouteen ja luonnon monimuotoisuuteen liittyv\u00e4t kysymykset.\u00a0Tunnustuksena ty\u00f6st\u00e4ni muun muassa <a href=\"https:\/\/www.thomassnellman.fi\/fi\/reko-reilua-kulutusta-vuodesta-2013\/\" title=\"REKOn tarina\">REKO-konseptin<\/a> luomiseen, olen saanut &#8220;Nordic Food Entrepreneur 2017&#8221; (pohjoismainen vuoden ruokayritt\u00e4j\u00e4) ja &#8220;Vuoden maaseutukasvo Suomessa 2018&#8221; -palkinnot.<\/p>\n<p>[\/et_pb_cta][\/et_pb_column][et_pb_column type=&#8221;1_3&#8243; _builder_version=&#8221;3.25&#8243; custom_padding=&#8221;|||&#8221; custom_padding__hover=&#8221;|||&#8221;][et_pb_cta title=&#8221;Kest\u00e4v\u00e4 kehitys ja ilmastonmuutos&#8221; _builder_version=&#8221;3.22.4&#8243; header_level=&#8221;h1&#8243; header_font=&#8221;||||||||&#8221; header_text_color=&#8221;#336600&#8243; header_font_size=&#8221;32px&#8221; use_background_color=&#8221;off&#8221; background_layout=&#8221;light&#8221;]<\/p>\n<p>Ilmastonmuutos on uhka, jonka todellisia seurauksia on vaikea ennustaa, mutta meid\u00e4n velvollisuutemme on yritt\u00e4\u00e4 s\u00e4ilytt\u00e4\u00e4 hyv\u00e4n el\u00e4m\u00e4n edellytykset Euroopassa my\u00f6s tuleville sukupolville.\u00a0 Ilmaston lis\u00e4ksi meid\u00e4n on panostettava kest\u00e4v\u00e4\u00e4n kehitykseen, sill\u00e4 vain siten voimme tarjota toivoa tulevaisuudelle.\u00a0<\/p>\n<p>[\/et_pb_cta][\/et_pb_column][et_pb_column type=&#8221;1_3&#8243; _builder_version=&#8221;3.25&#8243; custom_padding=&#8221;|||&#8221; custom_padding__hover=&#8221;|||&#8221;][et_pb_cta title=&#8221;Solidaarisuus&#8221; _builder_version=&#8221;3.22.4&#8243; header_level=&#8221;h1&#8243; header_font=&#8221;||||||||&#8221; header_text_color=&#8221;#336600&#8243; header_font_size=&#8221;32px&#8221; use_background_color=&#8221;off&#8221; background_layout=&#8221;light&#8221;]<\/p>\n<p>Solidaarisuutta tarvitaan maailmassamme entist\u00e4 enemm\u00e4n. Tuotannon siirto halvan ty\u00f6voiman maihin on ulkoistanut ilmastovaikutukset ja ongelmat alueille joilla ei v\u00e4ltt\u00e4m\u00e4tt\u00e4 ole keinoja ja resursseja ratkaista niit\u00e4. Solidaarisuutta tarvitaan my\u00f6s kansainv\u00e4lisess\u00e4 ruoantuotannossa &#8211; kannattava tuotanto on mahdollistettava kaikkialla maailmassa.\u00a0 \u00a0<\/p>\n<p>[\/et_pb_cta][\/et_pb_column][\/et_pb_row][\/et_pb_section][et_pb_section fb_built=&#8221;1&#8243; _builder_version=&#8221;3.22.4&#8243; background_color=&#8221;#336600&#8243;][et_pb_row _builder_version=&#8221;3.25&#8243;][et_pb_column type=&#8221;4_4&#8243; _builder_version=&#8221;3.25&#8243; custom_padding=&#8221;|||&#8221; custom_padding__hover=&#8221;|||&#8221;][et_pb_cta title=&#8221;Uusimmat kirjoitukset&#8221; url_new_window=&#8221;on&#8221; _builder_version=&#8221;4.9.2&#8243; use_background_color=&#8221;off&#8221;][\/et_pb_cta][et_pb_blog fullwidth=&#8221;off&#8221; posts_number=&#8221;3&#8243; include_categories=&#8221;all&#8221; meta_date=&#8221;d.m.Y&#8221; show_author=&#8221;off&#8221; show_categories=&#8221;off&#8221; show_pagination=&#8221;off&#8221; _builder_version=&#8221;4.9.2&#8243; _module_preset=&#8221;default&#8221; text_orientation=&#8221;center&#8221;][\/et_pb_blog][et_pb_cta button_url=&#8221;https:\/\/www.thomassnellman.fi\/insandare\/&#8221; button_text=&#8221;Lis\u00e4\u00e4 kirjoituksia&#8221; _builder_version=&#8221;4.9.2&#8243; use_background_color=&#8221;off&#8221;][\/et_pb_cta][\/et_pb_column][\/et_pb_row][\/et_pb_section][et_pb_section fb_built=&#8221;1&#8243; _builder_version=&#8221;3.22.4&#8243; custom_padding=&#8221;28px||0px|||&#8221;][et_pb_row column_structure=&#8221;2_5,3_5&#8243; _builder_version=&#8221;3.25&#8243; min_height=&#8221;625px&#8221; custom_padding=&#8221;0px||0px|||&#8221;][et_pb_column type=&#8221;2_5&#8243; _builder_version=&#8221;3.25&#8243; custom_padding=&#8221;|||&#8221; custom_padding__hover=&#8221;|||&#8221;][et_pb_image src=&#8221;https:\/\/www.thomassnellman.fi\/wp-content\/uploads\/2021\/03\/snellman_foto_2021.jpg&#8221; alt=&#8221;Thomas Snellman&#8221; title_text=&#8221;snellman_foto_2021&#8243; align_tablet=&#8221;center&#8221; align_phone=&#8221;&#8221; align_last_edited=&#8221;on|desktop&#8221; _builder_version=&#8221;4.9.2&#8243; custom_margin=&#8221;28px||||false|false&#8221;][\/et_pb_image][\/et_pb_column][et_pb_column type=&#8221;3_5&#8243; _builder_version=&#8221;3.25&#8243; custom_padding=&#8221;|||&#8221; custom_padding__hover=&#8221;|||&#8221;][et_pb_text _builder_version=&#8221;3.27.4&#8243; custom_margin=&#8221;28px||-6px|22px||&#8221; custom_padding=&#8221;||0px|||&#8221;]<\/p>\n<h1>Thomas Snellman<\/h1>\n<h3>REKOn perustaja, luomuviljelij\u00e4 ja maaseudun kehitt\u00e4j\u00e4<\/h3>\n<ul>\n<li>\u00a0Ty\u00f6skennellyt luomutuonannon promoottorina Suomessa vuosina 1990-2012.<\/li>\n<li>Luomutarkastajana vuosina 2001-2015.<\/li>\n<li>Osa-aikaisena projektity\u00f6ntekij\u00e4n\u00e4 luomutuotannon promoottorina 2012-2018. REKO:n kehitt\u00e4minen aloitettiin t\u00e4m\u00e4n projektin aikana.<\/li>\n<\/ul>\n<p><strong>Olen saanut useita palkintoja ja huomionosoituksia ty\u00f6st\u00e4ni, esim.:<\/strong><\/p>\n<ul>\n<li>\u201cRegional Foodia Award\u201d Pohjamaa 2014<\/li>\n<li><em>Vuoden l\u00e4hiruokateko 2015<\/em> -palkinto<\/li>\n<li>Pohjoismainen \u201c<em>Vuoden ruokayritt\u00e4j\u00e4<\/em>\u201d -palkinto vuonna 2017<\/li>\n<li><em>Suomen Vuoden Maaseutukasvo vuonna<\/em> 2018<\/li>\n<\/ul>\n<p><strong>Minut on my\u00f6s kutsuttu moniin tapahtumiin ymp\u00e4ri Eurooppa, mm.<\/strong><\/p>\n<ul>\n<li>\u00a0\u201c<em>Training in Alternative Food Distribution Systems<\/em>\u201d 2014-2015<\/li>\n<li>EIP-Agri Seminar \u201c<em>Data Revolution<\/em>\u201d 22.-23.6.2016 Sofia, Bulgaria<\/li>\n<li>Kutsuttu asiantuntija EU Seminaarissa \u201c<em>Agri-food SMEs collaborating for innovation along the supply chain \u2013 What, who, how?<\/em>\u201d Bryssel 17.10.2017<\/li>\n<li>Puhujana <em>12<sup>th<\/sup> IFOAM European Organic Congress<\/em> Wien, it\u00e4valta 25.-26.8.2018<\/li>\n<\/ul>\n<p>[\/et_pb_text][\/et_pb_column][\/et_pb_row][\/et_pb_section][et_pb_section fb_built=&#8221;1&#8243; _builder_version=&#8221;3.22.4&#8243; background_color=&#8221;#eeeeee&#8221; custom_margin=&#8221;-2px|||||&#8221;][et_pb_row _builder_version=&#8221;3.25&#8243;][et_pb_column type=&#8221;4_4&#8243; _builder_version=&#8221;3.25&#8243; custom_padding=&#8221;|||&#8221; custom_padding__hover=&#8221;|||&#8221;][et_pb_video_slider _builder_version=&#8221;3.22.6&#8243;][et_pb_video_slider_item src=&#8221;https:\/\/youtu.be\/7Kv7jS5MyaM&#8221; _builder_version=&#8221;3.22.6&#8243; show_image_overlay=&#8221;off&#8221;][\/et_pb_video_slider_item][et_pb_video_slider_item src=&#8221;https:\/\/youtu.be\/ETHa7MPEl1A&#8221; _builder_version=&#8221;3.22.6&#8243; show_image_overlay=&#8221;off&#8221;][\/et_pb_video_slider_item][\/et_pb_video_slider][\/et_pb_column][\/et_pb_row][\/et_pb_section][et_pb_section fb_built=&#8221;1&#8243; _builder_version=&#8221;3.22.4&#8243; custom_padding=&#8221;3px|||||&#8221;][et_pb_row _builder_version=&#8221;3.25&#8243; min_height=&#8221;76px&#8221; custom_padding=&#8221;||0px|||&#8221;][et_pb_column type=&#8221;4_4&#8243; _builder_version=&#8221;3.25&#8243; custom_padding=&#8221;|||&#8221; custom_padding__hover=&#8221;|||&#8221;][et_pb_text _builder_version=&#8221;3.27.4&#8243;]<\/p>\n<h1 style=\"text-align: center;\">Thomaksesta sanottua:<\/h1>\n<p>[\/et_pb_text][\/et_pb_column][\/et_pb_row][et_pb_row column_structure=&#8221;1_2,1_2&#8243; _builder_version=&#8221;3.25&#8243;][et_pb_column type=&#8221;1_2&#8243; _builder_version=&#8221;3.25&#8243; custom_padding=&#8221;|||&#8221; custom_padding__hover=&#8221;|||&#8221;][et_pb_testimonial author=&#8221;Dr. Philipp Weckenbrock&#8221; job_title=&#8221;DIE AGRONAUTEN &#038; Chair of Organic Farming, &#8221; company_name=&#8221;University of Giessen, Germany&#8221; quote_icon_color=&#8221;#ffffff&#8221; quote_icon_background_color=&#8221;#8ca52e&#8221; _builder_version=&#8221;3.22.4&#8243; body_font=&#8221;||||||||&#8221; body_text_color=&#8221;#336600&#8243; background_color=&#8221;rgba(140,165,46,0.28)&#8221;]<\/p>\n<p>I&#8217;ve known Thomas for several years and would be delighted to see him enter the EU parliament! Speaking several languages and spreading good ideas between countries (for example the idea of Community Supported Agriculture from France to Finland) he&#8217;s a real European in the best sense of the word. Go for it Thomas!<\/p>\n<p>[\/et_pb_testimonial][et_pb_testimonial author=&#8221;Caroline ARNAULT&#8221; job_title=&#8221;Co-coordinatrice d\u2019un stage en Europe pour des \u00e9tudiants&#8221; company_name=&#8221;\u00e0 la MFR S\u00e8vrEurope de Bressuire&#8221; quote_icon_color=&#8221;#ffffff&#8221; quote_icon_background_color=&#8221;#8ca52e&#8221; _builder_version=&#8221;3.22.4&#8243; body_font=&#8221;||||||||&#8221; body_text_color=&#8221;#336600&#8243; background_color=&#8221;rgba(140,165,46,0.3)&#8221;]<\/p>\n<p><em><strong>Texte r\u00e9dig\u00e9 par Caroline Arnault, en toute\u00a0 honn\u00eatet\u00e9 :<\/strong><\/em><\/p>\n<p><span>Je connais Thomas SNELLMAN depuis 2009, dans le cadre d\u2019une collaboration favorisant les \u00e9changes de jeunes et de professionnels du monde agricole, entre nos \u00a0territoires ruraux\u00a0: la r\u00e9gion finlandaise autour de la ville\u00a0 de Jakobstad\u00a0 et la r\u00e9gion fran\u00e7aise li\u00e9e \u00e0 la ville de Bressuire ; sa profonde conviction de la richesse des \u00e9changes europ\u00e9ens en termes professionnel, culturel et humain en fait une personne pr\u00e9pond\u00e9rante \u00a0pour le d\u00e9veloppement de notre communaut\u00e9 europ\u00e9enne. Le voir devenir un jour D\u00e9put\u00e9 Europ\u00e9en me para\u00eet une \u00a0\u00e9vidence,\u00a0 sachant combien ses valeurs personnelles sont en phase avec l\u2019esprit de la construction europ\u00e9enne. Nous avons besoin de toi Thomas pour rendre l\u2019UE encore plus convaincante. Avec tout mon soutien.<\/span><\/p>\n<p>[\/et_pb_testimonial][et_pb_testimonial author=&#8221;Christelle BELIN et Lionel FROGER &#8221; job_title=&#8221;Agriculteur Biologique dans les Deux-S\u00e8vres&#8221; company_name=&#8221;France&#8221; quote_icon_color=&#8221;#ffffff&#8221; quote_icon_background_color=&#8221;#8ca52e&#8221; _builder_version=&#8221;3.22.4&#8243; body_font=&#8221;||||||||&#8221; body_text_color=&#8221;#336600&#8243; background_color=&#8221;rgba(140,165,46,0.29)&#8221;]<\/p>\n<p>Nous connaissons Thomas depuis de nombreuses ann\u00e9es et le soutenons bien \u00e9videmment pour sa candidature au Parlement Europ\u00e9en : il saura y porter sa vision d&#8217;une agriculture durable :\u00a0 respectueuse de l&#8217;environnement, privil\u00e9giant les circuits courts, facteurs de r\u00e9mun\u00e9ration juste pour les agriculteurs et d&#8217;un juste prix\u00a0 pour un produit de qualit\u00e9 pour les consommateurs : cette vision est, \u00e0 notre sens, essentielle pour les citoyens europ\u00e9ens!<\/p>\n<p>Par ailleurs, il aime \u00e0 partager son savoir et reste \u00e9galement toujours curieux pour apprendre au contact des personnes qu&#8217;il rencontre.<\/p>\n<p>Nous esp\u00e9rons sinc\u00e8rement que sa voix soit entendue au Parlement Europ\u00e9en<\/p>\n<p>[\/et_pb_testimonial][\/et_pb_column][et_pb_column type=&#8221;1_2&#8243; _builder_version=&#8221;3.25&#8243; custom_padding=&#8221;|||&#8221; custom_padding__hover=&#8221;|||&#8221;][et_pb_testimonial author=&#8221;M.Sc Alberto Menghi&#8221; job_title=&#8221;Senior Researcher at the Economic Department&#8221; company_name=&#8221;Research Centre for Animal Production Foundation, Reggio Emilia, Italy&#8221; quote_icon_color=&#8221;#ffffff&#8221; quote_icon_background_color=&#8221;#8ca52e&#8221; _builder_version=&#8221;3.22.4&#8243; body_font=&#8221;||||||||&#8221; body_text_color=&#8221;#336600&#8243; background_color=&#8221;rgba(140,165,46,0.29)&#8221;]<\/p>\n<p><em><strong>To whom it may concern:<\/strong><\/em><\/p>\n<p><span>When I met Thomas Snellman in 2016 for the first time I was suddenly impressed from his ideas of the REKO circles in Finland. But the most important was his willingness to share his information and create networks across regions and nations. Thanks to him we could create a first REKO circle in Italy in 2017. <\/span><\/p>\n<p><span>Thomas capacity to listen and try to understand different situations\u00a0 and culture is unique and the positive thinking \u00a0when things are not going in the right direction gives the energy to finalize a project.\u00a0 <\/span><\/p>\n<p><span>When I asked him why he was so committed to support local agriculture in such difficult environment the answer was \u201cto see another farmer happy and looking at the future is the best reward I can get from my work\u201d. <\/span><\/p>\n<p><span>I am glad that Thomas Snellman is running for the European Parliament, we need competent and pragmatic people in agricultural sector to reinforce our European Union. \u00a0<\/span><\/p>\n<p>[\/et_pb_testimonial][et_pb_testimonial author=&#8221;Caroline ARNAULT&#8221; job_title=&#8221;Co-coordinator of an internship in Europe  for students&#8221; company_name=&#8221;the MFR S\u00e8vrEurope  school of Bressuire &#8221; quote_icon_color=&#8221;#ffffff&#8221; quote_icon_background_color=&#8221;#8ca52e&#8221; _builder_version=&#8221;3.22.4&#8243; body_font=&#8221;||||||||&#8221; body_text_color=&#8221;#336600&#8243; background_color=&#8221;rgba(140,165,46,0.3)&#8221;]<\/p>\n<p>I have been knowing Thomas SNELLMAN since 2009, in the context of a collaboration for developing exchanges, in the field of farming, between the young people and the professionals from our respective rural territories \u2013 region of Jakobstad in Finland and region of Bressuire in France; his fundamental beliefs in the wealth of European exchanges in professional, cultural and human terms make him an important person for the development of our European community of citizens. \u00a0\u00a0\u00a0To see him entering one day the EU parliament is an obvious fact as his personal values match so well with the spirit guiding the construction of the EU. We need you, Thomas, to make the EU even more convincing. With all my support.<\/p>\n<p>[\/et_pb_testimonial][\/et_pb_column][\/et_pb_row][\/et_pb_section]<\/p>\n","protected":false},"excerpt":{"rendered":"<p>[et_pb_section fb_built=&#8221;1&#8243; disabled_on=&#8221;on|off|off&#8221; admin_label=&#8221;P\u00f6yt\u00e4kone ja tabletti&#8221; _builder_version=&#8221;4.9.2&#8243; background_image=&#8221;https:\/\/www.thomassnellman.fi\/wp-content\/uploads\/2019\/04\/Thomas_www_taustajpg.jpg&#8221; custom_padding=&#8221;13px||6px|||&#8221;][et_pb_row column_structure=&#8221;1_2,1_2&#8243; _builder_version=&#8221;3.25&#8243; custom_margin=&#8221;|106px||auto||&#8221;][et_pb_column type=&#8221;1_2&#8243; _builder_version=&#8221;3.25&#8243; custom_padding=&#8221;|||&#8221; custom_padding__hover=&#8221;|||&#8221;][\/et_pb_column][et_pb_column type=&#8221;1_2&#8243; _builder_version=&#8221;3.25&#8243; custom_padding=&#8221;|||&#8221; custom_padding__hover=&#8221;|||&#8221;][et_pb_blurb title=&#8221;Thomas Snellman&#8221; image=&#8221;https:\/\/www.thomassnellman.fi\/wp-content\/uploads\/2021\/07\/livet_o_landsbygden_fi.png&#8221; alt=&#8221;luomutuottaja&#8221; _builder_version=&#8221;4.9.2&#8243; header_level=&#8221;h1&#8243; header_font=&#8221;||||||||&#8221; header_font_size=&#8221;42px&#8221; body_font=&#8221;||||||||&#8221; body_text_color=&#8221;#000000&#8243; text_orientation=&#8221;center&#8221; custom_padding=&#8221;|||66px||&#8221; animation_style=&#8221;bounce&#8221; hover_enabled=&#8221;0&#8243; title_text=&#8221;livet_o_landsbygden_fi&#8221; sticky_enabled=&#8221;0&#8243;] Maaseutukehitt\u00e4j\u00e4, luomutuottaja REKOn perustaja [\/et_pb_blurb][\/et_pb_column][\/et_pb_row][\/et_pb_section][et_pb_section fb_built=&#8221;1&#8243; disabled_on=&#8221;off|on|on&#8221; admin_label=&#8221;Mobiili&#8221; _builder_version=&#8221;4.9.2&#8243; background_enable_image=&#8221;off&#8221; module_alignment=&#8221;center&#8221; custom_padding=&#8221;13px||6px|||&#8221;][et_pb_row _builder_version=&#8221;4.9.2&#8243; module_alignment=&#8221;center&#8221; custom_margin=&#8221;|106px||auto||&#8221;][et_pb_column type=&#8221;4_4&#8243; _builder_version=&#8221;3.25&#8243; custom_padding=&#8221;|||&#8221; custom_padding__hover=&#8221;|||&#8221;][et_pb_image [&hellip;]<\/p>\n","protected":false},"author":1,"featured_media":0,"parent":0,"menu_order":0,"comment_status":"open","ping_status":"open","template":"","meta":{"_et_pb_use_builder":"on","_et_pb_old_content":"","_et_gb_content_width":""},"_links":{"self":[{"href":"https:\/\/www.thomassnellman.fi\/fi\/wp-json\/wp\/v2\/pages\/2"}],"collection":[{"href":"https:\/\/www.thomassnellman.fi\/fi\/wp-json\/wp\/v2\/pages"}],"about":[{"href":"https:\/\/www.thomassnellman.fi\/fi\/wp-json\/wp\/v2\/types\/page"}],"author":[{"embeddable":true,"href":"https:\/\/www.thomassnellman.fi\/fi\/wp-json\/wp\/v2\/users\/1"}],"replies":[{"embeddable":true,"href":"https:\/\/www.thomassnellman.fi\/fi\/wp-json\/wp\/v2\/comments?post=2"}],"version-history":[{"count":64,"href":"https:\/\/www.thomassnellman.fi\/fi\/wp-json\/wp\/v2\/pages\/2\/revisions"}],"predecessor-version":[{"id":903,"href":"https:\/\/www.thomassnellman.fi\/fi\/wp-json\/wp\/v2\/pages\/2\/revisions\/903"}],"wp:attachment":[{"href":"https:\/\/www.thomassnellman.fi\/fi\/wp-json\/wp\/v2\/media?parent=2"}],"curies":[{"name":"wp","href":"https:\/\/api.w.org\/{rel}","templated":true}]}}